{"id":95617,"date":"2024-01-15T16:41:22","date_gmt":"2024-01-15T15:41:22","guid":{"rendered":"https:\/\/www.mainfilm.tv\/mentions-legales-et-protection-des-donnees\/"},"modified":"2025-08-02T17:27:54","modified_gmt":"2025-08-02T15:27:54","slug":"mentions-legales-et-protection-des-donnees","status":"publish","type":"page","link":"https:\/\/www.mainfilm.tv\/fr\/mentions-legales-et-protection-des-donnees\/","title":{"rendered":"Mentions l\u00e9gales et protection des donn\u00e9es"},"content":{"rendered":"[vc_row type=\u00a0\u00bbfull_width_background\u00a0\u00bb full_screen_row_position=\u00a0\u00bbmiddle\u00a0\u00bb column_margin=\u00a0\u00bbdefault\u00a0\u00bb column_direction=\u00a0\u00bbdefault\u00a0\u00bb column_direction_tablet=\u00a0\u00bbdefault\u00a0\u00bb column_direction_phone=\u00a0\u00bbdefault\u00a0\u00bb bg_color=\u00a0\u00bb#ffffff\u00a0\u00bb scene_position=\u00a0\u00bbcenter\u00a0\u00bb top_padding=\u00a0\u00bb100px\u00a0\u00bb text_color=\u00a0\u00bbdark\u00a0\u00bb text_align=\u00a0\u00bbleft\u00a0\u00bb row_border_radius=\u00a0\u00bbnone\u00a0\u00bb row_border_radius_applies=\u00a0\u00bbbg\u00a0\u00bb overflow=\u00a0\u00bbvisible\u00a0\u00bb overlay_strength=\u00a0\u00bb0.3&Prime; gradient_direction=\u00a0\u00bbleft_to_right\u00a0\u00bb shape_divider_position=\u00a0\u00bbbottom\u00a0\u00bb bg_image_animation=\u00a0\u00bbnone\u00a0\u00bb gradient_type=\u00a0\u00bbdefault\u00a0\u00bb shape_type=\u00a0\u00bb\u00a0\u00bb][vc_column column_padding=\u00a0\u00bbno-extra-padding\u00a0\u00bb column_padding_tablet=\u00a0\u00bbinherit\u00a0\u00bb column_padding_phone=\u00a0\u00bbinherit\u00a0\u00bb column_padding_position=\u00a0\u00bball\u00a0\u00bb column_element_direction_desktop=\u00a0\u00bbdefault\u00a0\u00bb column_element_spacing=\u00a0\u00bbdefault\u00a0\u00bb desktop_text_alignment=\u00a0\u00bbdefault\u00a0\u00bb tablet_text_alignment=\u00a0\u00bbdefault\u00a0\u00bb phone_text_alignment=\u00a0\u00bbdefault\u00a0\u00bb background_color_opacity=\u00a0\u00bb1&Prime; background_hover_color_opacity=\u00a0\u00bb1&Prime; column_backdrop_filter=\u00a0\u00bbnone\u00a0\u00bb column_shadow=\u00a0\u00bbnone\u00a0\u00bb column_border_radius=\u00a0\u00bbnone\u00a0\u00bb column_link_target=\u00a0\u00bb_self\u00a0\u00bb column_position=\u00a0\u00bbdefault\u00a0\u00bb gradient_direction=\u00a0\u00bbleft_to_right\u00a0\u00bb overlay_strength=\u00a0\u00bb0.3&Prime; width=\u00a0\u00bb1\/1&Prime; tablet_width_inherit=\u00a0\u00bbdefault\u00a0\u00bb animation_type=\u00a0\u00bbdefault\u00a0\u00bb bg_image_animation=\u00a0\u00bbnone\u00a0\u00bb border_type=\u00a0\u00bbsimple\u00a0\u00bb column_border_width=\u00a0\u00bbnone\u00a0\u00bb column_border_style=\u00a0\u00bbsolid\u00a0\u00bb][vc_column_text text_direction=\u00a0\u00bbdefault\u00a0\u00bb]\n<h1>Mentions l\u00e9gales et protection des donn\u00e9es<\/h1>\n[\/vc_column_text][divider line_type=\u00a0\u00bbNo Line\u00a0\u00bb custom_height=\u00a0\u00bb50px\u00a0\u00bb][vc_column_text text_direction=\u00a0\u00bbdefault\u00a0\u00bb]\n<div class=\"elementor-element elementor-element-5b16aa67 elementor-widget elementor-widget-text-editor\" data-id=\"5b16aa67\" data-element_type=\"widget\" data-widget_type=\"text-editor.default\">\n<div class=\"elementor-widget-container\">\n<h2>Informations conform\u00e9ment au \u00a7 5 TMG :<\/h2>\n<\/div>\n<div class=\"elementor-widget-container\">\n<p>Mainfilm GmbH<br \/>\nDaimlerstra\u00dfe 32-36<br \/>\n60314 Francfort<\/p>\n<h3>Repr\u00e9sent\u00e9e par :<\/h3>\n<p>Sebastian Knoll<br \/>\nStipe Braun<\/p>\n<p><span class=\"\">Tribunal d&rsquo;instance de Francfort-sur-le-Main, HRB 123433 <\/span><\/p>\n<p><span class=\"\">Num\u00e9ro d&rsquo;identification fiscale : DE 34 88 78 551<\/span><\/p>\n<h3>Contact :<\/h3>\n<p>T\u00e9l\u00e9phone : <a href=\"tel:+496976898291\">+49 (0)69 76 898 291<\/a><br \/>\nE-mail :  <a href=\"mailto:info@mainfilm.tv\">info@mainfilm.tv<\/a><\/p>\n<h4>Politique de confidentialit\u00e9<\/h4>\n<p>Nous sommes tr\u00e8s heureux de votre int\u00e9r\u00eat pour notre entreprise. La protection des donn\u00e9es rev\u00eat une importance particuli\u00e8re pour la direction de Mainfilm Filmproduktion Francfort. Il est g\u00e9n\u00e9ralement possible d&rsquo;utiliser les sites internet de Mainfilm Filmproduktion Francfort sans fournir aucune donn\u00e9e personnelle. Toutefois, si une personne concern\u00e9e souhaite utiliser des services sp\u00e9ciaux propos\u00e9s par notre entreprise via notre site internet, un traitement de donn\u00e9es personnelles pourrait s&rsquo;av\u00e9rer n\u00e9cessaire. Si le traitement de donn\u00e9es personnelles est requis et qu&rsquo;il n&rsquo;existe aucune base l\u00e9gale pour un tel traitement, nous obtenons g\u00e9n\u00e9ralement le consentement de la personne concern\u00e9e.    <\/p>\n<p>Le traitement des donn\u00e9es personnelles, telles que le nom, l&rsquo;adresse, l&rsquo;adresse e-mail ou le num\u00e9ro de t\u00e9l\u00e9phone d&rsquo;une personne concern\u00e9e, est toujours effectu\u00e9 conform\u00e9ment au R\u00e8glement g\u00e9n\u00e9ral sur la protection des donn\u00e9es (RGPD) et aux lois nationales sur la protection des donn\u00e9es applicables \u00e0 Mainfilm Filmproduktion Francfort. Par cette d\u00e9claration de confidentialit\u00e9, notre entreprise souhaite informer le public sur la nature, l&rsquo;\u00e9tendue et l&rsquo;objectif des donn\u00e9es personnelles que nous collectons, utilisons et traitons. En outre, cette d\u00e9claration de confidentialit\u00e9 informe les personnes concern\u00e9es sur les droits qui leur sont accord\u00e9s.  <\/p>\n<p>En tant que responsable du traitement, Mainfilm Filmproduktion Francfort a mis en \u0153uvre de nombreuses mesures techniques et organisationnelles pour assurer une protection aussi compl\u00e8te que possible des donn\u00e9es personnelles trait\u00e9es via ce site internet. N\u00e9anmoins, les transmissions de donn\u00e9es bas\u00e9es sur internet peuvent pr\u00e9senter des failles de s\u00e9curit\u00e9, de sorte qu&rsquo;une protection absolue ne peut \u00eatre garantie. Pour cette raison, toute personne concern\u00e9e est libre de nous transmettre ses donn\u00e9es personnelles par d&rsquo;autres moyens, par exemple par t\u00e9l\u00e9phone.  <\/p>\n<h4>1. D\u00e9finitions<\/h4>\n<p>La d\u00e9claration de confidentialit\u00e9 de Mainfilm Filmproduktion Francfort repose sur les termes utilis\u00e9s par le l\u00e9gislateur europ\u00e9en lors de l&rsquo;adoption du R\u00e8glement g\u00e9n\u00e9ral sur la protection des donn\u00e9es (RGPD). Notre d\u00e9claration de confidentialit\u00e9 vise \u00e0 \u00eatre lisible et compr\u00e9hensible aussi bien pour le public que pour nos clients et partenaires commerciaux. Pour garantir cela, nous souhaitons d&rsquo;abord expliquer la terminologie utilis\u00e9e.  <\/p>\n<p>Nous utilisons dans cette d\u00e9claration de confidentialit\u00e9, entre autres, les termes suivants :<\/p>\n<ul>\n<li>\n<h4>a) Donn\u00e9es personnelles<\/h4>\n<p>Les donn\u00e9es personnelles sont toutes les informations se rapportant \u00e0 une personne physique identifi\u00e9e ou identifiable (\u00ab personne concern\u00e9e \u00bb). Est r\u00e9put\u00e9e \u00eatre une personne physique identifiable une personne physique qui peut \u00eatre identifi\u00e9e, directement ou indirectement, notamment par r\u00e9f\u00e9rence \u00e0 un identifiant, tel qu&rsquo;un nom, un num\u00e9ro d&rsquo;identification, des donn\u00e9es de localisation, un identifiant en ligne, ou \u00e0 un ou plusieurs \u00e9l\u00e9ments sp\u00e9cifiques propres \u00e0 son identit\u00e9 physique, physiologique, g\u00e9n\u00e9tique, psychique, \u00e9conomique, culturelle ou sociale. <\/li>\n<li>\n<h4>b) Personne concern\u00e9e<\/h4>\n<p>Personne concern\u00e9e est toute personne physique identifi\u00e9e ou identifiable dont les donn\u00e9es personnelles sont trait\u00e9es par le responsable du traitement.<\/li>\n<li>\n<h4>c) Traitement<\/h4>\n<p>Le traitement est toute op\u00e9ration ou ensemble d&rsquo;op\u00e9rations effectu\u00e9es ou non \u00e0 l&rsquo;aide de proc\u00e9d\u00e9s automatis\u00e9s et appliqu\u00e9es \u00e0 des donn\u00e9es personnelles, telles que la collecte, l&rsquo;enregistrement, l&rsquo;organisation, la structuration, la conservation, l&rsquo;adaptation ou la modification, l&rsquo;extraction, la consultation, l&rsquo;utilisation, la communication par transmission, la diffusion ou toute autre forme de mise \u00e0 disposition, le rapprochement ou l&rsquo;interconnexion, la limitation, l&rsquo;effacement ou la destruction.<\/li>\n<li>\n<h4>d) Limitation du traitement<\/h4>\n<p>La limitation du traitement est le marquage des donn\u00e9es personnelles stock\u00e9es dans le but d&rsquo;en limiter le traitement ult\u00e9rieur.<\/li>\n<li>\n<h4>e) Profilage<\/h4>\n<p>Le profilage d\u00e9signe toute forme de traitement automatis\u00e9 de donn\u00e9es personnelles consistant \u00e0 utiliser ces donn\u00e9es pour \u00e9valuer certains aspects personnels relatifs \u00e0 une personne physique, notamment pour analyser ou pr\u00e9dire des aspects concernant les performances professionnelles, la situation \u00e9conomique, la sant\u00e9, les pr\u00e9f\u00e9rences personnelles, les int\u00e9r\u00eats, la fiabilit\u00e9, le comportement, la localisation ou les d\u00e9placements de cette personne physique.<\/li>\n<li>\n<h4>f) Pseudonymisation<\/h4>\n<p>La pseudonymisation est le traitement de donn\u00e9es personnelles de telle mani\u00e8re que celles-ci ne puissent plus \u00eatre attribu\u00e9es \u00e0 une personne concern\u00e9e sp\u00e9cifique sans recours \u00e0 des informations suppl\u00e9mentaires, pour autant que ces informations suppl\u00e9mentaires soient conserv\u00e9es s\u00e9par\u00e9ment et soumises \u00e0 des mesures techniques et organisationnelles garantissant que les donn\u00e9es personnelles ne sont pas attribu\u00e9es \u00e0 une personne physique identifi\u00e9e ou identifiable.<\/li>\n<li>\n<h4>g) Responsable du traitement<\/h4>\n<p>Le responsable du traitement est la personne physique ou morale, l&rsquo;autorit\u00e9 publique, le service ou un autre organisme qui, seul ou conjointement avec d&rsquo;autres, d\u00e9termine les finalit\u00e9s et les moyens du traitement des donn\u00e9es personnelles. Lorsque les finalit\u00e9s et les moyens de ce traitement sont d\u00e9termin\u00e9s par le droit de l&rsquo;Union ou le droit d&rsquo;un \u00c9tat membre, le responsable du traitement ou les crit\u00e8res sp\u00e9cifiques de sa d\u00e9signation peuvent \u00eatre pr\u00e9vus par le droit de l&rsquo;Union ou le droit d&rsquo;un \u00c9tat membre. <\/li>\n<li>\n<h4>h) Sous-traitant<\/h4>\n<p>Le sous-traitant est une personne physique ou morale, une autorit\u00e9 publique, un service ou un autre organisme qui traite des donn\u00e9es personnelles pour le compte du responsable du traitement.<\/li>\n<li>\n<h4>i) Destinataire<\/h4>\n<p>Le destinataire est une personne physique ou morale, une autorit\u00e9 publique, un service ou un autre organisme \u00e0 qui des donn\u00e9es personnelles sont communiqu\u00e9es, qu&rsquo;il s&rsquo;agisse ou non d&rsquo;un tiers. Toutefois, les autorit\u00e9s publiques qui sont susceptibles de recevoir des donn\u00e9es personnelles dans le cadre d&rsquo;une mission d&rsquo;enqu\u00eate particuli\u00e8re conform\u00e9ment au droit de l&rsquo;Union ou au droit d&rsquo;un \u00c9tat membre ne sont pas consid\u00e9r\u00e9es comme des destinataires. <\/li>\n<li>\n<h4>j) Tiers<\/h4>\n<p>Un tiers est une personne physique ou morale, une autorit\u00e9 publique, un service ou un autre organisme autre que la personne concern\u00e9e, le responsable du traitement, le sous-traitant et les personnes qui, sous l&rsquo;autorit\u00e9 directe du responsable du traitement ou du sous-traitant, sont autoris\u00e9es \u00e0 traiter les donn\u00e9es personnelles.<\/li>\n<li>\n<h4>k) Consentement<\/h4>\n<p>Le consentement de la personne concern\u00e9e est toute manifestation de volont\u00e9 libre, sp\u00e9cifique, \u00e9clair\u00e9e et univoque par laquelle la personne concern\u00e9e accepte, par une d\u00e9claration ou par un acte positif clair, que des donn\u00e9es personnelles la concernant fassent l&rsquo;objet d&rsquo;un traitement.<\/li>\n<\/ul>\n<h4>2. Nom et adresse du responsable du traitement<\/h4>\n<p>Le responsable du traitement au sens du R\u00e8glement g\u00e9n\u00e9ral sur la protection des donn\u00e9es (RGPD), des autres lois sur la protection des donn\u00e9es applicables dans les \u00c9tats membres de l&rsquo;Union europ\u00e9enne et d&rsquo;autres dispositions relatives \u00e0 la protection des donn\u00e9es est :<\/p>\n<p>Mainfilm Filmproduktion Frankfurt<\/p>\n<p>Daimlerstra\u00dfe 32-36<\/p>\n<p>60314 Francfort<\/p>\n<p>Allemagne<\/p>\n<p>T\u00e9l..: +49 (0)69 76 898 291<\/p>\n<p>E-Mail: <a href=\"mailto:info@mainfilm.tv\" target=\"_blank\" rel=\"noopener\">info@mainfilm.tv<\/a><\/p>\n<p>Website: <a href=\"https:\/\/www.mainfilm.tv\/fr\/\" target=\"_blank\" rel=\"noopener\">https:\/\/www.mainfilm.tv\/<\/a><\/p>\n<h4>3. Cookies<\/h4>\n<p>Les sites internet de Mainfilm Filmproduktion Francfort utilisent des cookies. Les cookies sont des fichiers texte qui sont stock\u00e9s sur un syst\u00e8me informatique via un navigateur internet. <\/p>\n<p>De nombreux sites internet et serveurs utilisent des cookies. De nombreux cookies contiennent un identifiant de cookie. Un identifiant de cookie est une identification unique du cookie. Il se compose d&rsquo;une cha\u00eene de caract\u00e8res \u00e0 travers laquelle les sites internet et serveurs peuvent \u00eatre attribu\u00e9s au navigateur internet sp\u00e9cifique dans lequel le cookie a \u00e9t\u00e9 stock\u00e9. Cela permet aux sites internet et serveurs visit\u00e9s de distinguer le navigateur individuel de la personne concern\u00e9e des autres navigateurs internet qui contiennent d&rsquo;autres cookies. Un navigateur internet sp\u00e9cifique peut \u00eatre reconnu et identifi\u00e9 via l&rsquo;identifiant de cookie unique.     <\/p>\n<p>En utilisant des cookies, Mainfilm Filmproduktion Francfort peut fournir aux utilisateurs de ce site internet des services plus conviviaux qui ne seraient pas possibles sans le d\u00e9p\u00f4t de cookies.<\/p>\n<p>Gr\u00e2ce \u00e0 un cookie, les informations et offres sur notre site internet peuvent \u00eatre optimis\u00e9es pour l&rsquo;utilisateur. Comme mentionn\u00e9 pr\u00e9c\u00e9demment, les cookies nous permettent de reconna\u00eetre les utilisateurs de notre site internet. Le but de cette reconnaissance est de faciliter l&rsquo;utilisation de notre site internet par les utilisateurs. Par exemple, un utilisateur d&rsquo;un site internet qui utilise des cookies n&rsquo;a pas \u00e0 saisir \u00e0 nouveau ses identifiants \u00e0 chaque visite du site, car cela est pris en charge par le site internet et le cookie stock\u00e9 sur le syst\u00e8me informatique de l&rsquo;utilisateur. Un autre exemple est le cookie d&rsquo;un panier d&rsquo;achat dans une boutique en ligne. La boutique en ligne se souvient des articles qu&rsquo;un client a plac\u00e9s dans le panier virtuel via un cookie.     <\/p>\n<p>La personne concern\u00e9e peut emp\u00eacher \u00e0 tout moment le d\u00e9p\u00f4t de cookies par notre site internet en configurant les param\u00e8tres du navigateur internet utilis\u00e9 et ainsi s&rsquo;opposer d\u00e9finitivement au d\u00e9p\u00f4t de cookies. De plus, les cookies d\u00e9j\u00e0 d\u00e9pos\u00e9s peuvent \u00eatre supprim\u00e9s \u00e0 tout moment via un navigateur internet ou d&rsquo;autres programmes logiciels. Cela est possible dans tous les navigateurs internet courants. Si la personne concern\u00e9e d\u00e9sactive le d\u00e9p\u00f4t de cookies dans le navigateur internet utilis\u00e9, il est possible que toutes les fonctions de notre site internet ne soient pas enti\u00e8rement utilisables.   <\/p>\n<h4>4. Collecte de donn\u00e9es et informations g\u00e9n\u00e9rales<\/h4>\n<p>Le site internet de Mainfilm Filmproduktion Francfort collecte une s\u00e9rie de donn\u00e9es et informations g\u00e9n\u00e9rales \u00e0 chaque visite par une personne concern\u00e9e ou un syst\u00e8me automatis\u00e9. Ces donn\u00e9es et informations g\u00e9n\u00e9rales sont stock\u00e9es dans les fichiers journaux du serveur. Les \u00e9l\u00e9ments suivants peuvent \u00eatre collect\u00e9s : (1) les types et versions de navigateur utilis\u00e9s, (2) le syst\u00e8me d&rsquo;exploitation utilis\u00e9 par le syst\u00e8me acc\u00e9dant, (3) le site internet \u00e0 partir duquel un syst\u00e8me acc\u00e9dant arrive sur notre site internet (appel\u00e9 r\u00e9f\u00e9rent), (4) les sous-pages consult\u00e9es par un syst\u00e8me acc\u00e9dant sur notre site internet, (5) la date et l&rsquo;heure d&rsquo;acc\u00e8s au site internet, (6) une adresse de protocole Internet (adresse IP), (7) le fournisseur de services Internet du syst\u00e8me acc\u00e9dant, et (8) d&rsquo;autres donn\u00e9es et informations similaires utilis\u00e9es \u00e0 des fins de s\u00e9curit\u00e9 en cas d&rsquo;attaques sur nos syst\u00e8mes informatiques.  <\/p>\n<p>Lors de l&rsquo;utilisation de ces donn\u00e9es et informations g\u00e9n\u00e9rales, Mainfilm Filmproduktion Francfort ne tire aucune conclusion concernant la personne concern\u00e9e. Ces informations sont plut\u00f4t n\u00e9cessaires pour (1) fournir correctement le contenu de notre site internet, (2) optimiser le contenu de notre site internet et sa publicit\u00e9, (3) assurer la fonctionnalit\u00e9 \u00e0 long terme de nos syst\u00e8mes informatiques et de la technologie de notre site internet, et (4) fournir aux autorit\u00e9s r\u00e9pressives les informations n\u00e9cessaires \u00e0 la poursuite p\u00e9nale en cas de cyberattaque. Ces donn\u00e9es et informations collect\u00e9es de mani\u00e8re anonyme sont donc \u00e9valu\u00e9es par Mainfilm Filmproduktion Francfort statistiquement et dans le but d&rsquo;accro\u00eetre la protection des donn\u00e9es et la s\u00e9curit\u00e9 des donn\u00e9es dans notre entreprise, afin d&rsquo;assurer finalement un niveau de protection optimal pour les donn\u00e9es personnelles que nous traitons. Les donn\u00e9es anonymes des fichiers journaux du serveur sont stock\u00e9es s\u00e9par\u00e9ment de toutes les donn\u00e9es personnelles fournies par une personne concern\u00e9e.   <\/p>\n<h4>5. Abonnement \u00e0 notre newsletter<\/h4>\n<p>Sur le site internet de Mainfilm Filmproduktion Francfort, les utilisateurs ont la possibilit\u00e9 de s&rsquo;abonner \u00e0 la newsletter de notre entreprise. Les donn\u00e9es personnelles transmises au responsable du traitement lors de la commande de la newsletter sont d\u00e9termin\u00e9es par le masque de saisie utilis\u00e9 \u00e0 cet effet. <\/p>\n<p>Mainfilm Filmproduktion Francfort informe r\u00e9guli\u00e8rement ses clients et partenaires commerciaux sur les offres de l&rsquo;entreprise via une newsletter. La newsletter de l&rsquo;entreprise ne peut g\u00e9n\u00e9ralement \u00eatre re\u00e7ue par la personne concern\u00e9e que si (1) la personne concern\u00e9e dispose d&rsquo;une adresse e-mail valide et (2) la personne concern\u00e9e s&rsquo;inscrit \u00e0 l&rsquo;envoi de la newsletter. Pour des raisons l\u00e9gales, un e-mail de confirmation utilisant la proc\u00e9dure de double opt-in est envoy\u00e9 \u00e0 l&rsquo;adresse e-mail saisie pour la premi\u00e8re fois par la personne concern\u00e9e pour la r\u00e9ception de la newsletter. Cet e-mail de confirmation sert \u00e0 v\u00e9rifier si le propri\u00e9taire de l&rsquo;adresse e-mail, en tant que personne concern\u00e9e, a autoris\u00e9 la r\u00e9ception de la newsletter.   <\/p>\n<p>Lors de l&rsquo;inscription \u00e0 la newsletter, nous enregistrons \u00e9galement l&rsquo;adresse IP attribu\u00e9e par le fournisseur de services Internet (FAI) au syst\u00e8me informatique utilis\u00e9 par la personne concern\u00e9e au moment de l&rsquo;inscription, ainsi que la date et l&rsquo;heure de l&rsquo;inscription. La collecte de ces donn\u00e9es est n\u00e9cessaire pour retracer d&rsquo;\u00e9ventuelles utilisations abusives d&rsquo;une adresse e-mail \u00e0 une date ult\u00e9rieure et sert donc \u00e0 prot\u00e9ger l\u00e9galement le responsable du traitement. <\/p>\n<p>Les donn\u00e9es personnelles collect\u00e9es lors de l&rsquo;inscription \u00e0 la newsletter sont utilis\u00e9es exclusivement pour l&rsquo;envoi de notre newsletter. De plus, les abonn\u00e9s \u00e0 la newsletter peuvent \u00eatre inform\u00e9s par e-mail si cela est n\u00e9cessaire pour le fonctionnement du service de newsletter ou l&rsquo;inscription associ\u00e9e, comme dans le cas de modifications de l&rsquo;offre de newsletter ou de changements techniques. Les donn\u00e9es personnelles collect\u00e9es dans le cadre du service de newsletter ne sont pas transmises \u00e0 des tiers. L&rsquo;abonnement \u00e0 notre newsletter peut \u00eatre r\u00e9sili\u00e9 \u00e0 tout moment par la personne concern\u00e9e. Le consentement au stockage des donn\u00e9es personnelles, que la personne concern\u00e9e nous a accord\u00e9 pour l&rsquo;envoi de la newsletter, peut \u00eatre r\u00e9voqu\u00e9 \u00e0 tout moment. Pour r\u00e9voquer le consentement, un lien correspondant est inclus dans chaque newsletter. En outre, il est possible de se d\u00e9sabonner de la newsletter \u00e0 tout moment directement sur le site internet du responsable du traitement ou de communiquer cette d\u00e9cision au responsable du traitement d&rsquo;une autre mani\u00e8re.      <\/p>\n<h4>6. Suivi de la newsletter<\/h4>\n<p>Les newsletters de Mainfilm Filmproduktion Francfort contiennent des pixels de suivi. Un pixel de suivi est une miniature graphique int\u00e9gr\u00e9e dans les emails envoy\u00e9s au format HTML pour permettre un enregistrement et une analyse des fichiers journaux. Cela permet une \u00e9valuation statistique du succ\u00e8s ou de l&rsquo;\u00e9chec des campagnes de marketing en ligne. Gr\u00e2ce au pixel de suivi int\u00e9gr\u00e9, Mainfilm Filmproduktion Francfort peut reconna\u00eetre si et quand un email a \u00e9t\u00e9 ouvert par une personne concern\u00e9e et quels liens dans l&#8217;email ont \u00e9t\u00e9 consult\u00e9s par la personne concern\u00e9e.   <\/p>\n<p>Les donn\u00e9es personnelles collect\u00e9es via les pixels de suivi dans les newsletters sont stock\u00e9es et \u00e9valu\u00e9es par le responsable du traitement pour optimiser l&rsquo;envoi des newsletters et mieux adapter le contenu des futures newsletters aux int\u00e9r\u00eats de la personne concern\u00e9e. Ces donn\u00e9es personnelles ne sont pas transmises \u00e0 des tiers. Les personnes concern\u00e9es ont le droit de r\u00e9voquer \u00e0 tout moment leur d\u00e9claration de consentement distincte donn\u00e9e via la proc\u00e9dure de double opt-in. Apr\u00e8s une r\u00e9vocation, ces donn\u00e9es personnelles seront supprim\u00e9es par le responsable du traitement. La d\u00e9sinscription de la newsletter sera automatiquement interpr\u00e9t\u00e9e par Mainfilm Filmproduktion Francfort comme une r\u00e9vocation.    <\/p>\n<h4>7. Possibilit\u00e9 de contact via le site internet<\/h4>\n<p>Le site internet de Mainfilm Filmproduktion Francfort contient des informations requises par la loi qui permettent un contact \u00e9lectronique rapide avec notre entreprise et une communication directe avec nous, y compris une adresse email g\u00e9n\u00e9rale. Si une personne concern\u00e9e contacte le responsable du traitement par email ou via un formulaire de contact, les donn\u00e9es personnelles transmises par la personne concern\u00e9e sont automatiquement stock\u00e9es. Ces donn\u00e9es personnelles fournies volontairement par la personne concern\u00e9e au responsable du traitement sont stock\u00e9es aux fins de traitement ou de contact avec la personne concern\u00e9e. Ces donn\u00e9es personnelles ne sont pas transmises \u00e0 des tiers.   <\/p>\n<h4>8. Suppression et blocage syst\u00e9matiques des donn\u00e9es personnelles<\/h4>\n<p>Le responsable du traitement traite et stocke les donn\u00e9es personnelles de la personne concern\u00e9e uniquement pendant la p\u00e9riode n\u00e9cessaire \u00e0 la r\u00e9alisation de l&rsquo;objectif de stockage, ou dans la mesure o\u00f9 cela est pr\u00e9vu par le l\u00e9gislateur europ\u00e9en ou d&rsquo;autres l\u00e9gislateurs dans des lois ou r\u00e8glements auxquels le responsable du traitement est soumis.<\/p>\n<p>Si l&rsquo;objectif de stockage n&rsquo;est plus applicable, ou si une p\u00e9riode de stockage prescrite par le l\u00e9gislateur europ\u00e9en ou un autre l\u00e9gislateur comp\u00e9tent expire, les donn\u00e9es personnelles seront syst\u00e9matiquement bloqu\u00e9es ou supprim\u00e9es conform\u00e9ment aux exigences l\u00e9gales.<\/p>\n<h4>9. Droits de la personne concern\u00e9e<\/h4>\n<ul>\n<li>\n<h4>a) Droit de confirmation<\/h4>\n<p>Toute personne concern\u00e9e a le droit, accord\u00e9 par le l\u00e9gislateur europ\u00e9en, d&rsquo;obtenir du responsable du traitement la confirmation que des donn\u00e9es personnelles la concernant sont ou non trait\u00e9es. Si une personne concern\u00e9e souhaite exercer ce droit de confirmation, elle peut \u00e0 tout moment contacter un employ\u00e9 du responsable du traitement. <\/li>\n<li>\n<h4>b) Droit d&rsquo;acc\u00e8s<\/h4>\n<p>Toute personne concern\u00e9e par le traitement de donn\u00e9es personnelles a le droit, accord\u00e9 par le l\u00e9gislateur europ\u00e9en, d&rsquo;obtenir du responsable du traitement, \u00e0 tout moment et gratuitement, des informations sur ses donn\u00e9es personnelles stock\u00e9es et une copie de ces informations. En outre, le l\u00e9gislateur europ\u00e9en a accord\u00e9 \u00e0 la personne concern\u00e9e l&rsquo;acc\u00e8s aux informations suivantes : <\/p>\n<ul>\n<li>les finalit\u00e9s du traitement<\/li>\n<li>les cat\u00e9gories de donn\u00e9es personnelles trait\u00e9es<\/li>\n<li>les destinataires ou cat\u00e9gories de destinataires auxquels les donn\u00e9es personnelles ont \u00e9t\u00e9 ou seront communiqu\u00e9es, en particulier les destinataires dans des pays tiers ou des organisations internationales<\/li>\n<li>lorsque cela est possible, la dur\u00e9e de conservation pr\u00e9vue des donn\u00e9es personnelles ou, si ce n&rsquo;est pas possible, les crit\u00e8res utilis\u00e9s pour d\u00e9terminer cette dur\u00e9e<\/li>\n<li>l&rsquo;existence du droit de demander la rectification ou l&rsquo;effacement des donn\u00e9es personnelles, ou une limitation du traitement par le responsable du traitement, ou de s&rsquo;opposer \u00e0 ce traitement<\/li>\n<li>l&rsquo;existence du droit d&rsquo;introduire une r\u00e9clamation aupr\u00e8s d&rsquo;une autorit\u00e9 de contr\u00f4le<\/li>\n<li>lorsque les donn\u00e9es personnelles ne sont pas collect\u00e9es aupr\u00e8s de la personne concern\u00e9e : toute information disponible quant \u00e0 leur source<\/li>\n<li>l&rsquo;existence d&rsquo;une prise de d\u00e9cision automatis\u00e9e, y compris le profilage, conform\u00e9ment \u00e0 l&rsquo;article 22, paragraphes 1 et 4 du RGPD et, au moins dans ces cas, des informations significatives sur la logique sous-jacente, ainsi que l&rsquo;importance et les cons\u00e9quences pr\u00e9vues de ce traitement pour la personne concern\u00e9e<\/li>\n<\/ul>\n<p>En outre, la personne concern\u00e9e a le droit d&rsquo;\u00eatre inform\u00e9e si des donn\u00e9es personnelles ont \u00e9t\u00e9 transf\u00e9r\u00e9es vers un pays tiers ou une organisation internationale. Dans ce cas, la personne concern\u00e9e a \u00e9galement le droit d&rsquo;obtenir des informations sur les garanties appropri\u00e9es li\u00e9es au transfert. <\/p>\n<p>Si une personne concern\u00e9e souhaite exercer ce droit d&rsquo;acc\u00e8s, elle peut \u00e0 tout moment contacter un employ\u00e9 du responsable du traitement.<\/li>\n<li>\n<h4>c) Droit de rectification<\/h4>\n<p>Toute personne concern\u00e9e par le traitement de donn\u00e9es personnelles a le droit, accord\u00e9 par le l\u00e9gislateur europ\u00e9en, d&rsquo;obtenir sans retard excessif la rectification des donn\u00e9es personnelles inexactes la concernant. En outre, la personne concern\u00e9e a le droit, compte tenu des finalit\u00e9s du traitement, d&rsquo;obtenir que les donn\u00e9es personnelles incompl\u00e8tes soient compl\u00e9t\u00e9es, y compris au moyen d&rsquo;une d\u00e9claration compl\u00e9mentaire. <\/p>\n<p>Si une personne concern\u00e9e souhaite exercer ce droit de rectification, elle peut \u00e0 tout moment contacter un employ\u00e9 du responsable du traitement.<\/li>\n<li>\n<h4>d) Droit \u00e0 l&rsquo;effacement (droit \u00e0 l&rsquo;oubli)<\/h4>\n<p>Toute personne concern\u00e9e par le traitement de donn\u00e9es personnelles a le droit, accord\u00e9 par le l\u00e9gislateur europ\u00e9en, d&rsquo;obtenir du responsable du traitement l&rsquo;effacement des donn\u00e9es personnelles la concernant sans retard excessif lorsque l&rsquo;un des motifs suivants s&rsquo;applique et dans la mesure o\u00f9 le traitement n&rsquo;est pas n\u00e9cessaire :<\/p>\n<ul>\n<li>Les donn\u00e9es personnelles ne sont plus n\u00e9cessaires au regard des finalit\u00e9s pour lesquelles elles ont \u00e9t\u00e9 collect\u00e9es ou trait\u00e9es.<\/li>\n<li>La personne concern\u00e9e retire son consentement sur lequel est fond\u00e9 le traitement conform\u00e9ment \u00e0 l&rsquo;article 6, paragraphe 1, point a), ou \u00e0 l&rsquo;article 9, paragraphe 2, point a) du RGPD, et qu&rsquo;il n&rsquo;existe pas d&rsquo;autre fondement juridique au traitement.  <\/li>\n<li>La personne concern\u00e9e s&rsquo;oppose au traitement en vertu de l&rsquo;article 21, paragraphe 1 du RGPD et il n&rsquo;existe pas de motif l\u00e9gitime imp\u00e9rieux pour le traitement, ou la personne concern\u00e9e s&rsquo;oppose au traitement en vertu de l&rsquo;article 21, paragraphe 2 du RGPD.  <\/li>\n<li>Les donn\u00e9es personnelles ont fait l&rsquo;objet d&rsquo;un traitement illicite.<\/li>\n<li>Les donn\u00e9es personnelles doivent \u00eatre effac\u00e9es pour respecter une obligation l\u00e9gale pr\u00e9vue par le droit de l&rsquo;Union ou par le droit d&rsquo;un \u00c9tat membre auquel le responsable du traitement est soumis.<\/li>\n<li>Les donn\u00e9es personnelles ont \u00e9t\u00e9 collect\u00e9es dans le cadre de services de la soci\u00e9t\u00e9 de l&rsquo;information propos\u00e9s conform\u00e9ment \u00e0 l&rsquo;article 8, paragraphe 1 du RGPD. <\/li>\n<\/ul>\n<p>Si l&rsquo;un des motifs mentionn\u00e9s ci-dessus s&rsquo;applique et qu&rsquo;une personne concern\u00e9e souhaite demander l&rsquo;effacement des donn\u00e9es personnelles stock\u00e9es par Mainfilm Filmproduktion Francfort, elle peut \u00e0 tout moment contacter un employ\u00e9 du responsable du traitement. L&#8217;employ\u00e9 de Mainfilm Filmproduktion Francfort veillera \u00e0 ce que la demande d&rsquo;effacement soit satisfaite imm\u00e9diatement. <\/p>\n<p>Lorsque Mainfilm Filmproduktion Francfort a rendu les donn\u00e9es personnelles publiques et est tenu, en tant que responsable du traitement conform\u00e9ment \u00e0 l&rsquo;article 17, paragraphe 1 du RGPD, d&rsquo;effacer les donn\u00e9es personnelles, Mainfilm Filmproduktion Francfort, compte tenu des technologies disponibles et des co\u00fbts de mise en \u0153uvre, prendra des mesures raisonnables, y compris des mesures techniques, pour informer les autres responsables du traitement qui traitent les donn\u00e9es personnelles publi\u00e9es que la personne concern\u00e9e a demand\u00e9 \u00e0 ces autres responsables du traitement l&rsquo;effacement de tous les liens vers ces donn\u00e9es personnelles ou de toutes les copies ou r\u00e9plications de ces donn\u00e9es personnelles, lorsque le traitement n&rsquo;est pas n\u00e9cessaire. L&#8217;employ\u00e9 de Mainfilm Filmproduktion Francfort prendra les dispositions n\u00e9cessaires au cas par cas.  <\/li>\n<li>\n<h4>e) Droit \u00e0 la limitation du traitement<\/h4>\n<p>Toute personne concern\u00e9e par le traitement de donn\u00e9es personnelles a le droit, accord\u00e9 par le l\u00e9gislateur europ\u00e9en, d&rsquo;obtenir du responsable du traitement la limitation du traitement lorsque l&rsquo;une des conditions suivantes est remplie:<\/p>\n<ul>\n<li>L&rsquo;exactitude des donn\u00e9es personnelles est contest\u00e9e par la personne concern\u00e9e, pendant une dur\u00e9e permettant au responsable du traitement de v\u00e9rifier l&rsquo;exactitude des donn\u00e9es personnelles.<\/li>\n<li>Le traitement est illicite et la personne concern\u00e9e s&rsquo;oppose \u00e0 l&rsquo;effacement des donn\u00e9es personnelles et exige \u00e0 la place la limitation de leur utilisation.<\/li>\n<li>Le responsable du traitement n&rsquo;a plus besoin des donn\u00e9es personnelles aux fins du traitement, mais la personne concern\u00e9e en a besoin pour la constatation, l&rsquo;exercice ou la d\u00e9fense de droits en justice.<\/li>\n<li>La personne concern\u00e9e a oppos\u00e9 son droit d&rsquo;opposition au traitement conform\u00e9ment \u00e0 l&rsquo;article 21, paragraphe 1 du RGPD et il n&rsquo;est pas encore certain que les motifs l\u00e9gitimes du responsable du traitement priment sur ceux de la personne concern\u00e9e.  <\/li>\n<\/ul>\n<p>Lorsque l&rsquo;une des conditions susmentionn\u00e9es est remplie et qu&rsquo;une personne concern\u00e9e souhaite demander la limitation du traitement des donn\u00e9es personnelles stock\u00e9es par Mainfilm Filmproduktion Francfort, elle peut \u00e0 tout moment contacter un employ\u00e9 du responsable du traitement. L&#8217;employ\u00e9 de Mainfilm Filmproduktion Francfort organisera la limitation du traitement. <\/li>\n<li>\n<h4>f) Droit \u00e0 la portabilit\u00e9 des donn\u00e9es<\/h4>\n<p>Toute personne concern\u00e9e par le traitement de donn\u00e9es personnelles a le droit, accord\u00e9 par le l\u00e9gislateur europ\u00e9en, de recevoir les donn\u00e9es personnelles la concernant, qu&rsquo;elle a fournies \u00e0 un responsable du traitement, dans un format structur\u00e9, couramment utilis\u00e9 et lisible par machine. Elle a \u00e9galement le droit de transmettre ces donn\u00e9es \u00e0 un autre responsable du traitement sans que le responsable du traitement auquel les donn\u00e9es personnelles ont \u00e9t\u00e9 communiqu\u00e9es y fasse obstacle, lorsque le traitement est fond\u00e9 sur le consentement conform\u00e9ment \u00e0 l&rsquo;article 6, paragraphe 1, point a) ou \u00e0 l&rsquo;article 9, paragraphe 2, point a) du RGPD, ou sur un contrat conform\u00e9ment \u00e0 l&rsquo;article 6, paragraphe 1, point b) du RGPD, et que le traitement est effectu\u00e9 \u00e0 l&rsquo;aide de proc\u00e9d\u00e9s automatis\u00e9s, \u00e0 condition que le traitement ne soit pas n\u00e9cessaire \u00e0 l&rsquo;ex\u00e9cution d&rsquo;une mission d&rsquo;int\u00e9r\u00eat public ou relevant de l&rsquo;exercice de l&rsquo;autorit\u00e9 publique dont est investi le responsable du traitement.    <\/p>\n<p>En outre, lorsqu&rsquo;elle exerce son droit \u00e0 la portabilit\u00e9 des donn\u00e9es conform\u00e9ment \u00e0 l&rsquo;article 20, paragraphe 1 du RGPD, la personne concern\u00e9e a le droit d&rsquo;obtenir que les donn\u00e9es personnelles soient transmises directement d&rsquo;un responsable du traitement \u00e0 un autre, dans la mesure o\u00f9 cela est techniquement possible et \u00e0 condition que cela ne porte pas atteinte aux droits et libert\u00e9s d&rsquo;autrui. <\/p>\n<p>Pour exercer le droit \u00e0 la portabilit\u00e9 des donn\u00e9es, la personne concern\u00e9e peut \u00e0 tout moment contacter un employ\u00e9 de Mainfilm Filmproduktion Francfort.<\/li>\n<li>\n<h4>g) Droit d&rsquo;opposition<\/h4>\n<p>Toute personne concern\u00e9e par le traitement de donn\u00e9es personnelles a le droit, accord\u00e9 par le l\u00e9gislateur europ\u00e9en, de s&rsquo;opposer \u00e0 tout moment, pour des raisons tenant \u00e0 sa situation particuli\u00e8re, au traitement des donn\u00e9es personnelles la concernant fond\u00e9 sur l&rsquo;article 6, paragraphe 1, points e) ou f) du RGPD. Ceci s&rsquo;applique \u00e9galement au profilage fond\u00e9 sur ces dispositions.  <\/p>\n<p>Mainfilm Filmproduktion Francfort ne traitera plus les donn\u00e9es personnelles en cas d&rsquo;opposition, \u00e0 moins que nous ne d\u00e9montrions des motifs l\u00e9gitimes imp\u00e9rieux pour le traitement qui pr\u00e9valent sur les int\u00e9r\u00eats, les droits et les libert\u00e9s de la personne concern\u00e9e, ou pour la constatation, l&rsquo;exercice ou la d\u00e9fense de droits en justice.<\/p>\n<p>Lorsque Mainfilm Filmproduktion Francfort traite des donn\u00e9es personnelles \u00e0 des fins de marketing direct, la personne concern\u00e9e a le droit de s&rsquo;opposer \u00e0 tout moment au traitement des donn\u00e9es personnelles la concernant \u00e0 de telles fins de marketing. Ceci s&rsquo;applique au profilage dans la mesure o\u00f9 il est li\u00e9 \u00e0 un tel marketing direct. Si la personne concern\u00e9e s&rsquo;oppose au traitement par Mainfilm Filmproduktion Francfort \u00e0 des fins de marketing direct, Mainfilm Filmproduktion Francfort ne traitera plus les donn\u00e9es personnelles \u00e0 ces fins.  <\/p>\n<p>En outre, la personne concern\u00e9e a le droit, pour des raisons tenant \u00e0 sa situation particuli\u00e8re, de s&rsquo;opposer au traitement des donn\u00e9es personnelles la concernant par Mainfilm Filmproduktion Francfort \u00e0 des fins de recherche scientifique ou historique ou \u00e0 des fins statistiques conform\u00e9ment \u00e0 l&rsquo;article 89, paragraphe 1 du RGPD, \u00e0 moins que le traitement ne soit n\u00e9cessaire \u00e0 l&rsquo;ex\u00e9cution d&rsquo;une mission d&rsquo;int\u00e9r\u00eat public. <\/p>\n<p>Pour exercer le droit d&rsquo;opposition, la personne concern\u00e9e peut contacter directement tout employ\u00e9 de Mainfilm Filmproduktion Francfort ou un autre employ\u00e9. La personne concern\u00e9e est \u00e9galement libre d&rsquo;exercer son droit d&rsquo;opposition dans le cadre de l&rsquo;utilisation de services de la soci\u00e9t\u00e9 de l&rsquo;information, nonobstant la directive 2002\/58\/CE, au moyen de proc\u00e9dures automatis\u00e9es utilisant des sp\u00e9cifications techniques. <\/li>\n<li>\n<h4>h) Prise de d\u00e9cision automatis\u00e9e individuelle, y compris le profilage<\/h4>\n<p>Toute personne concern\u00e9e par le traitement de donn\u00e9es personnelles a le droit, accord\u00e9 par le l\u00e9gislateur europ\u00e9en, de ne pas faire l&rsquo;objet d&rsquo;une d\u00e9cision fond\u00e9e exclusivement sur un traitement automatis\u00e9 &#8211; y compris le profilage &#8211; produisant des effets juridiques la concernant ou l&rsquo;affectant de mani\u00e8re significative de fa\u00e7on similaire, sauf si la d\u00e9cision (1) est n\u00e9cessaire \u00e0 la conclusion ou \u00e0 l&rsquo;ex\u00e9cution d&rsquo;un contrat entre la personne concern\u00e9e et le responsable du traitement, ou (2) est autoris\u00e9e par le droit de l&rsquo;Union ou des \u00c9tats membres auquel le responsable du traitement est soumis et qui pr\u00e9voit \u00e9galement des mesures appropri\u00e9es pour sauvegarder les droits et libert\u00e9s et les int\u00e9r\u00eats l\u00e9gitimes de la personne concern\u00e9e, ou (3) est fond\u00e9e sur le consentement explicite de la personne concern\u00e9e.<\/p>\n<p>Si la d\u00e9cision (1) est n\u00e9cessaire \u00e0 la conclusion ou \u00e0 l&rsquo;ex\u00e9cution d&rsquo;un contrat entre la personne concern\u00e9e et le responsable du traitement, ou (2) est fond\u00e9e sur le consentement explicite de la personne concern\u00e9e, Mainfilm Filmproduktion Francfort met en \u0153uvre des mesures appropri\u00e9es pour sauvegarder les droits et libert\u00e9s ainsi que les int\u00e9r\u00eats l\u00e9gitimes de la personne concern\u00e9e, y compris au moins le droit d&rsquo;obtenir une intervention humaine de la part du responsable du traitement, d&rsquo;exprimer son point de vue et de contester la d\u00e9cision.<\/p>\n<p>Si la personne concern\u00e9e souhaite exercer des droits concernant la prise de d\u00e9cision automatis\u00e9e, elle peut \u00e0 tout moment contacter un employ\u00e9 du responsable du traitement.<\/li>\n<li>\n<h4>i) Droit de retirer un consentement en mati\u00e8re de protection des donn\u00e9es<\/h4>\n<p>Toute personne concern\u00e9e par le traitement de donn\u00e9es personnelles a le droit, accord\u00e9 par le l\u00e9gislateur europ\u00e9en, de retirer son consentement au traitement des donn\u00e9es personnelles \u00e0 tout moment.<\/p>\n<p>Si la personne concern\u00e9e souhaite exercer son droit de retirer son consentement, elle peut \u00e0 tout moment contacter un employ\u00e9 du responsable du traitement.<\/li>\n<\/ul>\n<h4>10. Protection des donn\u00e9es lors des candidatures et du processus de recrutement<\/h4>\n<p>Le responsable du traitement collecte et traite les donn\u00e9es personnelles des candidats dans le but de g\u00e9rer le processus de candidature. Le traitement peut \u00e9galement \u00eatre effectu\u00e9 par voie \u00e9lectronique, notamment lorsqu&rsquo;un candidat transmet des documents de candidature par voie \u00e9lectronique, par exemple par e-mail ou via un formulaire web sur le site. Si le responsable du traitement conclut un contrat de travail avec un candidat, les donn\u00e9es transmises seront stock\u00e9es aux fins de la gestion de la relation d&#8217;emploi conform\u00e9ment aux exigences l\u00e9gales. Si aucun contrat de travail n&rsquo;est conclu, les documents de candidature seront automatiquement supprim\u00e9s deux mois apr\u00e8s la notification de la d\u00e9cision de refus, \u00e0 moins que la suppression ne soit contraire \u00e0 d&rsquo;autres int\u00e9r\u00eats l\u00e9gitimes du responsable du traitement. Un tel int\u00e9r\u00eat l\u00e9gitime pourrait \u00eatre, par exemple, une obligation de fournir des preuves dans le cadre d&rsquo;une proc\u00e9dure relevant de la loi g\u00e9n\u00e9rale sur l&rsquo;\u00e9galit\u00e9 de traitement (AGG).     <\/p>\n<h4>11. Dispositions relatives \u00e0 la protection des donn\u00e9es concernant l&rsquo;utilisation de Facebook<\/h4>\n<p>Le responsable du traitement a int\u00e9gr\u00e9 des composants de Facebook sur ce site internet. Facebook est un r\u00e9seau social. <\/p>\n<p>Un r\u00e9seau social est un lieu de rencontre social bas\u00e9 sur Internet, une communaut\u00e9 en ligne qui permet g\u00e9n\u00e9ralement aux utilisateurs de communiquer entre eux et d&rsquo;interagir dans l&rsquo;espace virtuel. Un r\u00e9seau social peut servir de plateforme pour \u00e9changer des opinions et des exp\u00e9riences ou permettre \u00e0 la communaut\u00e9 Internet de fournir des informations personnelles ou li\u00e9es \u00e0 l&rsquo;entreprise. Entre autres, Facebook permet aux utilisateurs du r\u00e9seau social de cr\u00e9er des profils priv\u00e9s, de t\u00e9l\u00e9charger des photos et de se connecter via des demandes d&rsquo;amiti\u00e9.  <\/p>\n<p>La soci\u00e9t\u00e9 exploitante de Facebook est Facebook, Inc., 1 Hacker Way, Menlo Park, CA 94025, \u00c9tats-Unis. Le responsable du traitement des donn\u00e9es personnelles est Facebook Ireland Ltd., 4 Grand Canal Square, Grand Canal Harbour, Dublin 2, Irlande, si la personne concern\u00e9e vit en dehors des \u00c9tats-Unis ou du Canada.<\/p>\n<p>Chaque fois qu&rsquo;une des pages individuelles de ce site Web exploit\u00e9 par le responsable du traitement est consult\u00e9e, sur laquelle un composant Facebook (plug-in Facebook) a \u00e9t\u00e9 int\u00e9gr\u00e9, le navigateur Internet sur le syst\u00e8me informatique de la personne concern\u00e9e est automatiquement invit\u00e9 par le composant Facebook respectif \u00e0 t\u00e9l\u00e9charger une repr\u00e9sentation du composant Facebook correspondant depuis Facebook. Une vue d&rsquo;ensemble de tous les plug-ins Facebook peut \u00eatre consult\u00e9e \u00e0 l&rsquo;adresse https:\/\/developers.facebook.com\/docs\/plugins\/?locale=de_DE. Gr\u00e2ce \u00e0 cette proc\u00e9dure technique, Facebook re\u00e7oit des informations sur la sous-page sp\u00e9cifique de notre site Web visit\u00e9e par la personne concern\u00e9e.  <\/p>\n<p>Si la personne concern\u00e9e est simultan\u00e9ment connect\u00e9e \u00e0 Facebook, Facebook reconna\u00eet \u00e0 chaque visite de notre site Web par la personne concern\u00e9e &#8211; et pendant toute la dur\u00e9e de sa visite sur notre site Web &#8211; quelle sous-page sp\u00e9cifique de notre site Web la personne concern\u00e9e visite. Ces informations sont collect\u00e9es par le composant Facebook et attribu\u00e9es par Facebook au compte Facebook respectif de la personne concern\u00e9e. Si la personne concern\u00e9e clique sur l&rsquo;un des boutons Facebook int\u00e9gr\u00e9s sur notre site Web, par exemple le bouton \u00ab\u00a0J&rsquo;aime\u00a0\u00bb, ou soumet un commentaire, Facebook associe ces informations au compte d&rsquo;utilisateur Facebook personnel de la personne concern\u00e9e et stocke ces donn\u00e9es personnelles.  <\/p>\n<p>Facebook re\u00e7oit des informations via le composant Facebook indiquant que la personne concern\u00e9e a visit\u00e9 notre site Web chaque fois que cette personne est connect\u00e9e \u00e0 Facebook en m\u00eame temps qu&rsquo;elle acc\u00e8de \u00e0 notre site Web &#8211; cela se produit que la personne concern\u00e9e clique ou non sur le composant Facebook. Si une telle transmission de ces informations \u00e0 Facebook n&rsquo;est pas souhait\u00e9e par la personne concern\u00e9e, elle peut l&#8217;emp\u00eacher en se d\u00e9connectant de son compte Facebook avant de visiter notre site Web. <\/p>\n<p>La politique de donn\u00e9es publi\u00e9e par Facebook, disponible \u00e0 l&rsquo;adresse https:\/\/de-de.facebook.com\/about\/privacy\/, fournit des informations sur la collecte, le traitement et l&rsquo;utilisation des donn\u00e9es personnelles par Facebook. Elle explique \u00e9galement les options de configuration que Facebook propose pour prot\u00e9ger la vie priv\u00e9e de la personne concern\u00e9e. De plus, diverses applications sont disponibles pour supprimer la transmission de donn\u00e9es \u00e0 Facebook. Ces applications peuvent \u00eatre utilis\u00e9es par la personne concern\u00e9e pour emp\u00eacher la transmission de donn\u00e9es \u00e0 Facebook.   <\/p>\n<h4>12. Dispositions relatives \u00e0 la protection des donn\u00e9es concernant l&rsquo;utilisation de Google Analytics (avec fonction d&rsquo;anonymisation)<\/h4>\n<p>Le responsable du traitement a int\u00e9gr\u00e9 le composant Google Analytics (avec fonction d&rsquo;anonymisation) sur ce site Web. Google Analytics est un service d&rsquo;analyse Web. L&rsquo;analyse Web est la collecte, le regroupement et l&rsquo;analyse des donn\u00e9es sur le comportement des visiteurs des sites Web. Un service d&rsquo;analyse Web recueille, entre autres, des donn\u00e9es sur le site Web \u00e0 partir duquel une personne concern\u00e9e est arriv\u00e9e (appel\u00e9s r\u00e9f\u00e9rents), les sous-pages consult\u00e9es ou la fr\u00e9quence et la dur\u00e9e de consultation d&rsquo;une sous-page. L&rsquo;analyse Web est principalement utilis\u00e9e pour optimiser un site Web et pour l&rsquo;analyse co\u00fbts-avantages de la publicit\u00e9 sur Internet.    <\/p>\n<p>L&rsquo;op\u00e9rateur du composant Google Analytics est Google Ireland Limited, Gordon House, Barrow Street, Dublin, D04 E5W5, Irlande.<\/p>\n<p>Le responsable du traitement utilise l&rsquo;ajout \u00ab\u00a0_gat._anonymizelp\u00a0\u00bb pour l&rsquo;analyse web via Google Analytics. Cet ajout raccourcit et anonymise l&rsquo;adresse IP de la connexion internet de la personne concern\u00e9e lors de l&rsquo;acc\u00e8s \u00e0 notre site web depuis un \u00c9tat membre de l&rsquo;Union europ\u00e9enne ou un autre \u00c9tat contractant de l&rsquo;Accord sur l&rsquo;Espace \u00e9conomique europ\u00e9en. <\/p>\n<p>L&rsquo;objectif du composant Google Analytics est d&rsquo;analyser le trafic des visiteurs sur notre site web. Google utilise les donn\u00e9es collect\u00e9es, entre autres, pour \u00e9valuer l&rsquo;utilisation de notre site web, compiler des rapports en ligne montrant les activit\u00e9s sur notre site, et fournir d&rsquo;autres services li\u00e9s \u00e0 l&rsquo;utilisation de notre site. <\/p>\n<p>Google Analytics place un cookie sur le syst\u00e8me informatique de la personne concern\u00e9e. La nature des cookies a \u00e9t\u00e9 expliqu\u00e9e pr\u00e9c\u00e9demment. En d\u00e9finissant le cookie, Google permet l&rsquo;analyse de l&rsquo;utilisation de notre site. \u00c0 chaque consultation d&rsquo;une page contenant un composant Google Analytics, le navigateur transmet automatiquement des donn\u00e9es \u00e0 Google pour analyse en ligne. Par ce proc\u00e9d\u00e9 technique, Google obtient des donn\u00e9es personnelles comme l&rsquo;adresse IP, qu&rsquo;il utilise notamment pour suivre les origines des visiteurs et les clics, et permettre ensuite des r\u00e8glements de commission.    <\/p>\n<p>Le cookie stocke des informations personnelles comme l&rsquo;heure d&rsquo;acc\u00e8s, le lieu d&rsquo;origine de la consultation et la fr\u00e9quence des visites sur notre site. Lors de chaque visite, ces donn\u00e9es personnelles, y compris l&rsquo;adresse IP, sont transmises \u00e0 Google aux \u00c9tats-Unis. Google peut partager ces donn\u00e9es personnelles collect\u00e9es via ce proc\u00e9d\u00e9 technique avec des tiers.   <\/p>\n<p>La personne concern\u00e9e peut emp\u00eacher l&rsquo;installation de cookies par notre site web, comme d\u00e9crit ci-dessus, \u00e0 tout moment en configurant les param\u00e8tres du navigateur internet utilis\u00e9 et ainsi s&rsquo;opposer d\u00e9finitivement \u00e0 l&rsquo;installation de cookies. Un tel param\u00e9trage du navigateur internet utilis\u00e9 emp\u00eacherait \u00e9galement Google d&rsquo;installer un cookie sur le syst\u00e8me informatique de la personne concern\u00e9e. De plus, un cookie d\u00e9j\u00e0 install\u00e9 par Google Analytics peut \u00eatre supprim\u00e9 \u00e0 tout moment via le navigateur internet ou d&rsquo;autres programmes logiciels.  <\/p>\n<p>En outre, la personne concern\u00e9e a la possibilit\u00e9 de s&rsquo;opposer \u00e0 la collecte des donn\u00e9es g\u00e9n\u00e9r\u00e9es par Google Analytics relatives \u00e0 l&rsquo;utilisation de ce site web et au traitement de ces donn\u00e9es par Google, et d&#8217;emp\u00eacher cette collecte. Pour ce faire, la personne concern\u00e9e doit t\u00e9l\u00e9charger et installer un module compl\u00e9mentaire pour navigateur \u00e0 partir du lien https:\/\/tools.google.com\/dlpage\/gaoptout. Ce module compl\u00e9mentaire indique \u00e0 Google Analytics via JavaScript qu&rsquo;aucune donn\u00e9e ou information sur les visites de sites web ne peut \u00eatre transmise \u00e0 Google Analytics. Google consid\u00e8re l&rsquo;installation du module compl\u00e9mentaire comme une opposition. Si le syst\u00e8me informatique de la personne concern\u00e9e est ult\u00e9rieurement supprim\u00e9, format\u00e9 ou r\u00e9install\u00e9, le module compl\u00e9mentaire doit \u00eatre r\u00e9install\u00e9 pour d\u00e9sactiver Google Analytics. Si le module compl\u00e9mentaire est d\u00e9sinstall\u00e9 ou d\u00e9sactiv\u00e9 par la personne concern\u00e9e ou une autre personne relevant de sa sph\u00e8re de contr\u00f4le, il est possible de le r\u00e9installer ou de le r\u00e9activer.     <\/p>\n<p>Des informations suppl\u00e9mentaires et les dispositions actuelles de Google en mati\u00e8re de protection des donn\u00e9es peuvent \u00eatre consult\u00e9es \u00e0 l&rsquo;adresse https:\/\/www.google.de\/intl\/de\/policies\/privacy\/ et https:\/\/www.google.com\/analytics\/terms\/de.html. Google Analytics est expliqu\u00e9 plus en d\u00e9tail \u00e0 l&rsquo;adresse https:\/\/www.google.com\/intl\/de_de\/analytics\/. <\/p>\n<h4>13. Dispositions relatives \u00e0 la protection des donn\u00e9es concernant l&rsquo;utilisation de Google Remarketing<\/h4>\n<p>Le responsable du traitement a int\u00e9gr\u00e9 les services de Google Remarketing sur ce site web. Google Remarketing est une fonctionnalit\u00e9 de Google AdWords qui permet \u00e0 une entreprise d&rsquo;afficher des publicit\u00e9s aux internautes ayant pr\u00e9c\u00e9demment visit\u00e9 le site web de l&rsquo;entreprise. L&rsquo;int\u00e9gration de Google Remarketing permet ainsi \u00e0 une entreprise de cr\u00e9er de la publicit\u00e9 cibl\u00e9e et d&rsquo;afficher par cons\u00e9quent des annonces publicitaires pertinentes en fonction des centres d&rsquo;int\u00e9r\u00eat de l&rsquo;internaute.  <\/p>\n<p>La soci\u00e9t\u00e9 exploitante des services de Google Remarketing est Google Ireland Limited, Gordon House, Barrow Street, Dublin, D04 E5W5, Irlande.<\/p>\n<p>L&rsquo;objectif de Google Remarketing est d&rsquo;afficher des publicit\u00e9s cibl\u00e9es en fonction des centres d&rsquo;int\u00e9r\u00eat. Google Remarketing nous permet d&rsquo;afficher des publicit\u00e9s via le r\u00e9seau publicitaire Google ou sur d&rsquo;autres sites web adapt\u00e9s aux besoins et int\u00e9r\u00eats individuels des internautes. <\/p>\n<p>Google Remarketing place un cookie sur le syst\u00e8me informatique de la personne concern\u00e9e. La nature des cookies a \u00e9t\u00e9 expliqu\u00e9e pr\u00e9c\u00e9demment. En d\u00e9finissant le cookie, Google permet de reconna\u00eetre les visiteurs de notre site web lorsqu&rsquo;ils consultent par la suite des sites web \u00e9galement membres du r\u00e9seau publicitaire Google. \u00c0 chaque acc\u00e8s \u00e0 un site web o\u00f9 le service Google Remarketing est int\u00e9gr\u00e9, le navigateur internet de la personne concern\u00e9e s&rsquo;identifie automatiquement aupr\u00e8s de Google. Par ce proc\u00e9d\u00e9 technique, Google obtient des donn\u00e9es personnelles telles que l&rsquo;adresse IP ou le comportement de navigation, que Google utilise notamment pour afficher des publicit\u00e9s cibl\u00e9es.    <\/p>\n<p>Le cookie stocke des informations personnelles telles que les sites web visit\u00e9s par la personne concern\u00e9e. Lors de chaque visite sur notre site web, des donn\u00e9es personnelles, y compris l&rsquo;adresse IP de la connexion internet utilis\u00e9e, sont transmises \u00e0 Google aux \u00c9tats-Unis. Google stocke ces donn\u00e9es personnelles aux \u00c9tats-Unis et peut les partager avec des tiers.   <\/p>\n<p>La personne concern\u00e9e peut emp\u00eacher l&rsquo;installation de cookies par notre site web, comme d\u00e9crit ci-dessus, \u00e0 tout moment en configurant les param\u00e8tres du navigateur internet utilis\u00e9 et ainsi s&rsquo;opposer d\u00e9finitivement \u00e0 l&rsquo;installation de cookies. Un tel param\u00e9trage du navigateur internet utilis\u00e9 emp\u00eacherait \u00e9galement Google d&rsquo;installer un cookie sur le syst\u00e8me informatique de la personne concern\u00e9e. De plus, un cookie d\u00e9j\u00e0 install\u00e9 par Google Analytics peut \u00eatre supprim\u00e9 \u00e0 tout moment via le navigateur internet ou d&rsquo;autres programmes logiciels.  <\/p>\n<p>En outre, la personne concern\u00e9e a la possibilit\u00e9 de s&rsquo;opposer \u00e0 la publicit\u00e9 cibl\u00e9e de Google. Pour ce faire, elle doit acc\u00e9der au lien www.google.de\/settings\/ads depuis chaque navigateur utilis\u00e9 et y effectuer les param\u00e9trages souhait\u00e9s. <\/p>\n<p>Des informations suppl\u00e9mentaires et les dispositions actuelles de Google en mati\u00e8re de protection des donn\u00e9es sont disponibles \u00e0 l&rsquo;adresse https:\/\/www.google.de\/intl\/de\/policies\/privacy\/.<\/p>\n<h4>14. Dispositions relatives \u00e0 la protection des donn\u00e9es concernant l&rsquo;utilisation de Google AdWords<\/h4>\n<p>Le responsable du traitement a int\u00e9gr\u00e9 Google AdWords sur ce site web. Google AdWords est un service de publicit\u00e9 en ligne qui permet aux annonceurs de diffuser des annonces dans les r\u00e9sultats des moteurs de recherche Google et sur le r\u00e9seau publicitaire Google. Google AdWords permet \u00e0 un annonceur de pr\u00e9d\u00e9finir des mots-cl\u00e9s sp\u00e9cifiques qui n&rsquo;afficheront une annonce dans les r\u00e9sultats des moteurs de recherche Google que lorsque l&rsquo;utilisateur effectue une recherche pertinente pour ces mots-cl\u00e9s. Dans le r\u00e9seau publicitaire Google, les annonces sont distribu\u00e9es sur des sites web th\u00e9matiquement pertinents \u00e0 l&rsquo;aide d&rsquo;un algorithme automatique et en tenant compte des mots-cl\u00e9s pr\u00e9d\u00e9finis.   <\/p>\n<p>La soci\u00e9t\u00e9 exploitante des services Google AdWords est Google Ireland Limited, Gordon House, Barrow Street, Dublin, D04 E5W5, Irlande.<\/p>\n<p>L&rsquo;objectif de Google AdWords est de promouvoir notre site web en affichant des publicit\u00e9s cibl\u00e9es sur les sites web de tiers et dans les r\u00e9sultats des moteurs de recherche Google, ainsi qu&rsquo;en affichant des publicit\u00e9s tierces sur notre site web.<\/p>\n<p>Si une personne concern\u00e9e acc\u00e8de \u00e0 notre site web via une annonce Google, un cookie dit de conversion est plac\u00e9 sur son syst\u00e8me informatique par Google. La nature des cookies a \u00e9t\u00e9 expliqu\u00e9e pr\u00e9c\u00e9demment. Un cookie de conversion perd sa validit\u00e9 apr\u00e8s trente jours et n&rsquo;est pas utilis\u00e9 pour identifier la personne concern\u00e9e. Le cookie de conversion nous permet de suivre si certaines sous-pages, comme le panier d&rsquo;un syst\u00e8me de boutique en ligne, ont \u00e9t\u00e9 consult\u00e9es sur notre site web, \u00e0 condition que le cookie n&rsquo;ait pas encore expir\u00e9. Gr\u00e2ce au cookie de conversion, nous et Google pouvons suivre si une personne concern\u00e9e arriv\u00e9e sur notre site web via une annonce AdWords a g\u00e9n\u00e9r\u00e9 un revenu, c&rsquo;est-\u00e0-dire effectu\u00e9 ou annul\u00e9 un achat.    <\/p>\n<p>Les donn\u00e9es et informations collect\u00e9es via l&rsquo;utilisation du cookie de conversion sont utilis\u00e9es par Google pour cr\u00e9er des statistiques de visite pour notre site web. Ces statistiques de visite sont \u00e0 leur tour utilis\u00e9es par nous pour d\u00e9terminer le nombre total d&rsquo;utilisateurs qui nous ont \u00e9t\u00e9 r\u00e9f\u00e9r\u00e9s via des annonces AdWords, c&rsquo;est-\u00e0-dire pour mesurer le succ\u00e8s ou l&rsquo;\u00e9chec de chaque annonce AdWords et optimiser nos annonces AdWords pour l&rsquo;avenir. Ni notre entreprise ni d&rsquo;autres annonceurs Google AdWords ne re\u00e7oivent d&rsquo;informations de Google permettant d&rsquo;identifier la personne concern\u00e9e.  <\/p>\n<p>Le cookie de conversion permet d&rsquo;enregistrer des informations \u00e0 caract\u00e8re personnel, telles que les pages Internet consult\u00e9es par la personne concern\u00e9e. \u00c0 chaque visite de nos pages Internet, des donn\u00e9es \u00e0 caract\u00e8re personnel, y compris l&rsquo;adresse IP de la connexion Internet utilis\u00e9e par la personne concern\u00e9e, sont donc transmises \u00e0 Google aux \u00c9tats-Unis d&rsquo;Am\u00e9rique. Ces donn\u00e9es \u00e0 caract\u00e8re personnel sont enregistr\u00e9es par Google aux \u00c9tats-Unis d&rsquo;Am\u00e9rique. Google peut transmettre \u00e0 des tiers les donn\u00e9es \u00e0 caract\u00e8re personnel collect\u00e9es par le biais du proc\u00e9d\u00e9 technique.   <\/p>\n<p>Comme indiqu\u00e9 ci-dessus, la personne concern\u00e9e peut \u00e0 tout moment emp\u00eacher l&rsquo;installation de cookies par notre site Internet en param\u00e9trant son navigateur Internet de mani\u00e8re appropri\u00e9e et s&rsquo;opposer ainsi de mani\u00e8re permanente \u00e0 l&rsquo;installation de cookies. Un tel param\u00e9trage du navigateur Internet utilis\u00e9 emp\u00eacherait \u00e9galement Google d&rsquo;installer un cookie de conversion sur le syst\u00e8me informatique de la personne concern\u00e9e. En outre, un cookie d\u00e9j\u00e0 install\u00e9 par Google AdWords peut \u00eatre supprim\u00e9 \u00e0 tout moment via le navigateur Internet ou d&rsquo;autres logiciels.  <\/p>\n<p>En outre, la personne concern\u00e9e a la possibilit\u00e9 de s&rsquo;opposer \u00e0 la publicit\u00e9 cibl\u00e9e de Google. Pour ce faire, elle doit acc\u00e9der au lien www.google.de\/settings\/ads depuis chaque navigateur utilis\u00e9 et y effectuer les param\u00e9trages souhait\u00e9s. <\/p>\n<p>Des informations suppl\u00e9mentaires et les dispositions actuelles de Google en mati\u00e8re de protection des donn\u00e9es sont disponibles \u00e0 l&rsquo;adresse https:\/\/www.google.de\/intl\/de\/policies\/privacy\/.<\/p>\n<h4>15. Politique de confidentialit\u00e9 relative \u00e0 l&rsquo;utilisation d&rsquo;Instagram<\/h4>\n<p>Le responsable du traitement a int\u00e9gr\u00e9 des composants du service Instagram sur ce site internet. Instagram est un service qualifi\u00e9 de plateforme audiovisuelle qui permet aux utilisateurs de partager des photos et des vid\u00e9os et de diffuser ces donn\u00e9es sur d&rsquo;autres r\u00e9seaux sociaux. <\/p>\n<p>La soci\u00e9t\u00e9 exploitante des services d&rsquo;Instagram est Instagram LLC, 1 Hacker Way, Building 14 First Floor, Menlo Park, CA, USA.<\/p>\n<p>Chaque fois qu&rsquo;une des pages individuelles de ce site internet, exploit\u00e9e par le responsable du traitement et sur laquelle un composant Instagram (bouton Insta) a \u00e9t\u00e9 int\u00e9gr\u00e9, est appel\u00e9e, le navigateur internet sur le syst\u00e8me informatique de la personne concern\u00e9e est automatiquement invit\u00e9 par le composant Instagram respectif \u00e0 t\u00e9l\u00e9charger une repr\u00e9sentation du composant correspondant d&rsquo;Instagram. Dans le cadre de ce processus technique, Instagram prend connaissance de la sous-page sp\u00e9cifique de notre site internet visit\u00e9e par la personne concern\u00e9e. <\/p>\n<p>Si la personne concern\u00e9e est simultan\u00e9ment connect\u00e9e \u00e0 Instagram, Instagram reconna\u00eet \u00e0 chaque visite de notre site internet par la personne concern\u00e9e \u2013 et pendant toute la dur\u00e9e de sa visite sur notre site internet \u2013 quelle sous-page sp\u00e9cifique la personne concern\u00e9e visite. Ces informations sont collect\u00e9es par le composant Instagram et attribu\u00e9es par Instagram au compte Instagram respectif de la personne concern\u00e9e. Si la personne concern\u00e9e clique sur l&rsquo;un des boutons Instagram int\u00e9gr\u00e9s sur notre site internet, les donn\u00e9es et informations transmises avec celui-ci sont attribu\u00e9es au compte Instagram personnel de la personne concern\u00e9e et stock\u00e9es et trait\u00e9es par Instagram.  <\/p>\n<p>Instagram re\u00e7oit des informations via le composant Instagram indiquant que la personne concern\u00e9e a visit\u00e9 notre site internet chaque fois que celle-ci est connect\u00e9e \u00e0 Instagram au moment de l&rsquo;acc\u00e8s \u00e0 notre site internet, et ce, ind\u00e9pendamment du fait que la personne concern\u00e9e clique ou non sur le composant Instagram. Si la personne concern\u00e9e ne souhaite pas que ces informations soient transmises \u00e0 Instagram, elle peut emp\u00eacher cette transmission en se d\u00e9connectant de son compte Instagram avant d&rsquo;acc\u00e9der \u00e0 notre site internet. <\/p>\n<p>Des informations suppl\u00e9mentaires et la politique de confidentialit\u00e9 en vigueur d&rsquo;Instagram sont disponibles aux adresses suivantes : https:\/\/help.instagram.com\/155833707900388 et https:\/\/www.instagram.com\/about\/legal\/privacy\/.<\/p>\n<h4>16. Politique de confidentialit\u00e9 relative \u00e0 l&rsquo;utilisation de YouTube<\/h4>\n<p>Le responsable du traitement a int\u00e9gr\u00e9 des composants de YouTube sur ce site internet. YouTube est un portail vid\u00e9o en ligne qui permet aux \u00e9diteurs de vid\u00e9os de t\u00e9l\u00e9charger gratuitement des clips vid\u00e9o et offre aux autres utilisateurs la possibilit\u00e9 de les visionner, de les \u00e9valuer et de les commenter, \u00e9galement gratuitement. YouTube autorise la publication de tous types de vid\u00e9os, c&rsquo;est pourquoi des films et \u00e9missions de t\u00e9l\u00e9vision complets, des clips musicaux, des bandes-annonces et des vid\u00e9os r\u00e9alis\u00e9es par les utilisateurs eux-m\u00eames sont accessibles via ce portail.  <\/p>\n<p>La soci\u00e9t\u00e9 exploitante de YouTube est Google Ireland Limited, Gordon House, Barrow Street, Dublin, D04 E5W5, Ireland.<\/p>\n<p>Chaque fois qu&rsquo;une des pages individuelles de ce site internet, exploit\u00e9e par le responsable du traitement et sur laquelle un composant YouTube (vid\u00e9o YouTube) a \u00e9t\u00e9 int\u00e9gr\u00e9, est appel\u00e9e, le navigateur internet sur le syst\u00e8me informatique de la personne concern\u00e9e est automatiquement invit\u00e9 par le composant YouTube respectif \u00e0 t\u00e9l\u00e9charger une repr\u00e9sentation du composant YouTube correspondant. Des informations suppl\u00e9mentaires sur YouTube sont disponibles \u00e0 l&rsquo;adresse https:\/\/www.youtube.com\/yt\/about\/de\/. Dans le cadre de ce processus technique, YouTube et Google prennent connaissance de la sous-page sp\u00e9cifique de notre site internet visit\u00e9e par la personne concern\u00e9e.  <\/p>\n<p>Si la personne concern\u00e9e est simultan\u00e9ment connect\u00e9e \u00e0 YouTube, YouTube reconna\u00eet quelle sous-page sp\u00e9cifique de notre site internet la personne concern\u00e9e visite en acc\u00e9dant \u00e0 une sous-page contenant une vid\u00e9o YouTube. Ces informations sont collect\u00e9es par YouTube et Google et attribu\u00e9es au compte YouTube respectif de la personne concern\u00e9e. <\/p>\n<p>YouTube et Google re\u00e7oivent des informations via le composant YouTube indiquant que la personne concern\u00e9e a visit\u00e9 notre site internet chaque fois que celle-ci est connect\u00e9e \u00e0 YouTube au moment de l&rsquo;acc\u00e8s \u00e0 notre site internet, et ce, ind\u00e9pendamment du fait que la personne concern\u00e9e clique ou non sur une vid\u00e9o YouTube. Si la personne concern\u00e9e ne souhaite pas que ces informations soient transmises \u00e0 YouTube et Google, elle peut emp\u00eacher cette transmission en se d\u00e9connectant de son compte YouTube avant d&rsquo;acc\u00e9der \u00e0 notre site internet. <\/p>\n<p>La politique de confidentialit\u00e9 publi\u00e9e par YouTube, accessible \u00e0 l&rsquo;adresse https:\/\/www.google.de\/intl\/de\/policies\/privacy\/, fournit des informations sur la collecte, le traitement et l&rsquo;utilisation des donn\u00e9es personnelles par YouTube et Google.<\/p>\n<h4>17. Base l\u00e9gale du traitement<\/h4>\n<p>L&rsquo;article 6, paragraphe 1, point a) du RGPD sert de base l\u00e9gale \u00e0 notre entreprise pour les op\u00e9rations de traitement pour lesquelles nous obtenons un consentement \u00e0 une finalit\u00e9 sp\u00e9cifique de traitement. Si le traitement de donn\u00e9es personnelles est n\u00e9cessaire \u00e0 l&rsquo;ex\u00e9cution d&rsquo;un contrat dont la personne concern\u00e9e est partie, comme c&rsquo;est le cas, par exemple, pour les op\u00e9rations de traitement n\u00e9cessaires \u00e0 la livraison de marchandises ou \u00e0 la prestation d&rsquo;autres services ou contreparties, le traitement est fond\u00e9 sur l&rsquo;article 6, paragraphe 1, point b) du RGPD. Il en va de m\u00eame pour les op\u00e9rations de traitement n\u00e9cessaires \u00e0 la mise en \u0153uvre de mesures pr\u00e9contractuelles, par exemple dans le cas de demandes concernant nos produits ou services. Si notre entreprise est soumise \u00e0 une obligation l\u00e9gale qui n\u00e9cessite le traitement de donn\u00e9es personnelles, comme pour l&rsquo;ex\u00e9cution d&rsquo;obligations fiscales, le traitement est fond\u00e9 sur l&rsquo;article 6, paragraphe 1, point c) du RGPD.<br \/>\nDans de rares cas, le traitement de donn\u00e9es personnelles pourrait \u00eatre n\u00e9cessaire pour prot\u00e9ger les int\u00e9r\u00eats vitaux de la personne concern\u00e9e ou d&rsquo;une autre personne physique. Ce serait le cas, par exemple, si un visiteur \u00e9tait bless\u00e9 dans nos locaux et que son nom, son \u00e2ge, ses donn\u00e9es d&rsquo;assurance maladie ou d&rsquo;autres informations vitales devaient \u00eatre transmis \u00e0 un m\u00e9decin, un h\u00f4pital ou d&rsquo;autres tiers. Dans de tels cas, le traitement serait fond\u00e9 sur l&rsquo;article 6, paragraphe 1, point d) du RGPD.<br \/>Enfin, les op\u00e9rations de traitement pourraient \u00eatre fond\u00e9es sur l&rsquo;article 6, paragraphe 1, point f) du RGPD. Cette base l\u00e9gale couvre les op\u00e9rations de traitement qui ne sont pas couvertes par l&rsquo;un des fondements juridiques mentionn\u00e9s ci-dessus, \u00e0 condition que le traitement soit n\u00e9cessaire aux fins des int\u00e9r\u00eats l\u00e9gitimes poursuivis par notre entreprise ou par un tiers, \u00e0 moins que ces int\u00e9r\u00eats ne soient surpass\u00e9s par les int\u00e9r\u00eats ou les droits et libert\u00e9s fondamentaux de la personne concern\u00e9e. De telles op\u00e9rations de traitement sont notamment autoris\u00e9es car elles ont \u00e9t\u00e9 sp\u00e9cifiquement mentionn\u00e9es par le l\u00e9gislateur europ\u00e9en. \u00c0 cet \u00e9gard, il a consid\u00e9r\u00e9 qu&rsquo;un int\u00e9r\u00eat l\u00e9gitime pouvait \u00eatre pr\u00e9sum\u00e9 si la personne concern\u00e9e est un client du responsable du traitement (consid\u00e9rant 47, phrase 2 du RGPD).              <\/p>\n<h4>18. Int\u00e9r\u00eats l\u00e9gitimes dans le traitement poursuivis par le responsable du traitement ou un tiers<\/h4>\n<p>Si le traitement des donn\u00e9es personnelles est fond\u00e9 sur l&rsquo;article 6, paragraphe 1, point f) du RGPD, notre int\u00e9r\u00eat l\u00e9gitime est la conduite de nos activit\u00e9s commerciales pour le bien-\u00eatre de tous nos employ\u00e9s et actionnaires. <\/p>\n<h4>19. Dur\u00e9e de conservation des donn\u00e9es personnelles<\/h4>\n<p>Le crit\u00e8re pour la dur\u00e9e de conservation des donn\u00e9es personnelles est le d\u00e9lai l\u00e9gal de conservation respectif. \u00c0 l&rsquo;expiration de ce d\u00e9lai, les donn\u00e9es correspondantes sont syst\u00e9matiquement supprim\u00e9es, \u00e0 moins qu&rsquo;elles ne soient plus n\u00e9cessaires \u00e0 l&rsquo;ex\u00e9cution ou \u00e0 la conclusion d&rsquo;un contrat. <\/p>\n<h4>20. Dispositions l\u00e9gales ou contractuelles concernant la fourniture des donn\u00e9es personnelles ; n\u00e9cessit\u00e9 pour la conclusion du contrat ; obligation pour la personne concern\u00e9e de fournir les donn\u00e9es personnelles ; cons\u00e9quences possibles de la non-fourniture<\/h4>\n<p>Nous vous informons que la fourniture de donn\u00e9es personnelles est en partie exig\u00e9e par la loi (par exemple, les r\u00e9glementations fiscales) ou peut \u00e9galement r\u00e9sulter de dispositions contractuelles (par exemple, les informations sur le partenaire contractuel).<br \/>\nDans certains cas, il peut \u00eatre n\u00e9cessaire pour la conclusion d&rsquo;un contrat qu&rsquo;une personne concern\u00e9e nous fournisse des donn\u00e9es personnelles qui doivent ensuite \u00eatre trait\u00e9es par nous. La personne concern\u00e9e est par exemple oblig\u00e9e de nous fournir des donn\u00e9es personnelles lorsque notre entreprise conclut un contrat avec elle. Le fait de ne pas fournir les donn\u00e9es personnelles aurait pour cons\u00e9quence que le contrat avec la personne concern\u00e9e ne pourrait pas \u00eatre conclu.<br \/>\nAvant de fournir des donn\u00e9es personnelles, la personne concern\u00e9e doit contacter l&rsquo;un de nos employ\u00e9s. Notre employ\u00e9 informera la personne concern\u00e9e au cas par cas si la fourniture des donn\u00e9es personnelles est exig\u00e9e par la loi ou le contrat ou est n\u00e9cessaire pour la conclusion du contrat, s&rsquo;il existe une obligation de fournir les donn\u00e9es personnelles et quelles seraient les cons\u00e9quences de la non-fourniture des donn\u00e9es personnelles.   <\/p>\n<h4>21. Existence d&rsquo;une prise de d\u00e9cision automatis\u00e9e<\/h4>\n<p>En tant qu&rsquo;entreprise responsable, nous renon\u00e7ons \u00e0 la prise de d\u00e9cision automatis\u00e9e ou au profilage.<\/p>\n<p>Cette politique de confidentialit\u00e9 a \u00e9t\u00e9 cr\u00e9\u00e9e \u00e0 l&rsquo;aide du g\u00e9n\u00e9rateur de politiques de confidentialit\u00e9 de la DGD Deutsche Gesellschaft f\u00fcr Datenschutz GmbH, qui agit en tant que d\u00e9l\u00e9gu\u00e9 \u00e0 la protection des <a href=\"https:\/\/dg-datenschutz.de\/datenschutz-dienstleistungen\/externer-datenschutzbeauftragter\/\">donn\u00e9es externe \u00e0 Straubing,<\/a> en coop\u00e9ration avec l&rsquo;<a href=\"https:\/\/www.wbs-law.de\/it-recht\/datenschutzrecht\/\">avocat sp\u00e9cialis\u00e9 en droit de la protection des donn\u00e9es <\/a>Christian Solmecke.<\/p>\n<\/div>\n<\/div>\n[\/vc_column_text][divider line_type=\u00a0\u00bbNo Line\u00a0\u00bb custom_height=\u00a0\u00bb50px\u00a0\u00bb][\/vc_column][\/vc_row]\n","protected":false},"excerpt":{"rendered":"<p>[vc_row type=\u00a0\u00bbfull_width_background\u00a0\u00bb full_screen_row_position=\u00a0\u00bbmiddle\u00a0\u00bb column_margin=\u00a0\u00bbdefault\u00a0\u00bb column_direction=\u00a0\u00bbdefault\u00a0\u00bb column_direction_tablet=\u00a0\u00bbdefault\u00a0\u00bb column_direction_phone=\u00a0\u00bbdefault\u00a0\u00bb bg_color=\u00a0\u00bb#ffffff\u00a0\u00bb scene_position=\u00a0\u00bbcenter\u00a0\u00bb top_padding=\u00a0\u00bb100px\u00a0\u00bb text_color=\u00a0\u00bbdark\u00a0\u00bb text_align=\u00a0\u00bbleft\u00a0\u00bb row_border_radius=\u00a0\u00bbnone\u00a0\u00bb row_border_radius_applies=\u00a0\u00bbbg\u00a0\u00bb overflow=\u00a0\u00bbvisible\u00a0\u00bb overlay_strength=\u00a0\u00bb0.3&Prime; gradient_direction=\u00a0\u00bbleft_to_right\u00a0\u00bb shape_divider_position=\u00a0\u00bbbottom\u00a0\u00bb bg_image_animation=\u00a0\u00bbnone\u00a0\u00bb gradient_type=\u00a0\u00bbdefault\u00a0\u00bb shape_type=\u00a0\u00bb\u00a0\u00bb][vc_column column_padding=\u00a0\u00bbno-extra-padding\u00a0\u00bb column_padding_tablet=\u00a0\u00bbinherit\u00a0\u00bb column_padding_phone=\u00a0\u00bbinherit\u00a0\u00bb column_padding_position=\u00a0\u00bball\u00a0\u00bb column_element_direction_desktop=\u00a0\u00bbdefault\u00a0\u00bb column_element_spacing=\u00a0\u00bbdefault\u00a0\u00bb desktop_text_alignment=\u00a0\u00bbdefault\u00a0\u00bb tablet_text_alignment=\u00a0\u00bbdefault\u00a0\u00bb phone_text_alignment=\u00a0\u00bbdefault\u00a0\u00bb&#8230;<\/p>\n","protected":false},"author":1,"featured_media":0,"parent":0,"menu_order":0,"comment_status":"closed","ping_status":"closed","template":"","meta":{"_acf_changed":false,"footnotes":""},"class_list":["post-95617","page","type-page","status-publish"],"acf":[],"yoast_head":"<!-- This site is optimized with the Yoast SEO plugin v28.3 - https:\/\/yoast.com\/product\/yoast-seo-wordpress\/ -->\n<title>Mentions l\u00e9gales et protection des donn\u00e9es - Mainfilm<\/title>\n<meta name=\"robots\" content=\"index, follow, max-snippet:-1, max-image-preview:large, max-video-preview:-1\" \/>\n<link rel=\"canonical\" href=\"https:\/\/www.mainfilm.tv\/fr\/mentions-legales-et-protection-des-donnees\/\" \/>\n<meta property=\"og:locale\" content=\"fr_FR\" \/>\n<meta property=\"og:type\" content=\"article\" \/>\n<meta property=\"og:title\" content=\"Mentions l\u00e9gales et protection des donn\u00e9es - Mainfilm\" \/>\n<meta property=\"og:description\" content=\"[vc_row type=\u00a0\u00bbfull_width_background\u00a0\u00bb full_screen_row_position=\u00a0\u00bbmiddle\u00a0\u00bb column_margin=\u00a0\u00bbdefault\u00a0\u00bb column_direction=\u00a0\u00bbdefault\u00a0\u00bb column_direction_tablet=\u00a0\u00bbdefault\u00a0\u00bb column_direction_phone=\u00a0\u00bbdefault\u00a0\u00bb bg_color=\u00a0\u00bb#ffffff\u00a0\u00bb scene_position=\u00a0\u00bbcenter\u00a0\u00bb top_padding=\u00a0\u00bb100px\u00a0\u00bb text_color=\u00a0\u00bbdark\u00a0\u00bb text_align=\u00a0\u00bbleft\u00a0\u00bb row_border_radius=\u00a0\u00bbnone\u00a0\u00bb row_border_radius_applies=\u00a0\u00bbbg\u00a0\u00bb overflow=\u00a0\u00bbvisible\u00a0\u00bb overlay_strength=\u00a0\u00bb0.3&Prime; gradient_direction=\u00a0\u00bbleft_to_right\u00a0\u00bb shape_divider_position=\u00a0\u00bbbottom\u00a0\u00bb bg_image_animation=\u00a0\u00bbnone\u00a0\u00bb gradient_type=\u00a0\u00bbdefault\u00a0\u00bb shape_type=\u00a0\u00bb\u00a0\u00bb][vc_column column_padding=\u00a0\u00bbno-extra-padding\u00a0\u00bb column_padding_tablet=\u00a0\u00bbinherit\u00a0\u00bb column_padding_phone=\u00a0\u00bbinherit\u00a0\u00bb column_padding_position=\u00a0\u00bball\u00a0\u00bb column_element_direction_desktop=\u00a0\u00bbdefault\u00a0\u00bb column_element_spacing=\u00a0\u00bbdefault\u00a0\u00bb desktop_text_alignment=\u00a0\u00bbdefault\u00a0\u00bb tablet_text_alignment=\u00a0\u00bbdefault\u00a0\u00bb phone_text_alignment=\u00a0\u00bbdefault\u00a0\u00bb...\" \/>\n<meta property=\"og:url\" content=\"https:\/\/www.mainfilm.tv\/fr\/mentions-legales-et-protection-des-donnees\/\" \/>\n<meta property=\"og:site_name\" content=\"Mainfilm\" \/>\n<meta property=\"article:modified_time\" content=\"2025-08-02T15:27:54+00:00\" \/>\n<meta name=\"twitter:card\" content=\"summary_large_image\" \/>\n<meta name=\"twitter:label1\" content=\"Dur\u00e9e de lecture estim\u00e9e\" \/>\n\t<meta name=\"twitter:data1\" content=\"47 minutes\" \/>\n<script type=\"application\/ld+json\" class=\"yoast-schema-graph\">{\"@context\":\"https:\\\/\\\/schema.org\",\"@graph\":[{\"@type\":\"WebPage\",\"@id\":\"https:\\\/\\\/www.mainfilm.tv\\\/fr\\\/mentions-legales-et-protection-des-donnees\\\/\",\"url\":\"https:\\\/\\\/www.mainfilm.tv\\\/fr\\\/mentions-legales-et-protection-des-donnees\\\/\",\"name\":\"Mentions l\u00e9gales et protection des donn\u00e9es - Mainfilm\",\"isPartOf\":{\"@id\":\"https:\\\/\\\/www.mainfilm.tv\\\/#website\"},\"datePublished\":\"2024-01-15T15:41:22+00:00\",\"dateModified\":\"2025-08-02T15:27:54+00:00\",\"breadcrumb\":{\"@id\":\"https:\\\/\\\/www.mainfilm.tv\\\/fr\\\/mentions-legales-et-protection-des-donnees\\\/#breadcrumb\"},\"inLanguage\":\"fr-FR\",\"potentialAction\":[{\"@type\":\"ReadAction\",\"target\":[\"https:\\\/\\\/www.mainfilm.tv\\\/fr\\\/mentions-legales-et-protection-des-donnees\\\/\"]}]},{\"@type\":\"BreadcrumbList\",\"@id\":\"https:\\\/\\\/www.mainfilm.tv\\\/fr\\\/mentions-legales-et-protection-des-donnees\\\/#breadcrumb\",\"itemListElement\":[{\"@type\":\"ListItem\",\"position\":1,\"name\":\"Startseite\",\"item\":\"https:\\\/\\\/www.mainfilm.tv\\\/\"},{\"@type\":\"ListItem\",\"position\":2,\"name\":\"Mentions l\u00e9gales et protection des donn\u00e9es\"}]},{\"@type\":\"WebSite\",\"@id\":\"https:\\\/\\\/www.mainfilm.tv\\\/#website\",\"url\":\"https:\\\/\\\/www.mainfilm.tv\\\/\",\"name\":\"Mainfilm\",\"description\":\"\",\"potentialAction\":[{\"@type\":\"SearchAction\",\"target\":{\"@type\":\"EntryPoint\",\"urlTemplate\":\"https:\\\/\\\/www.mainfilm.tv\\\/?s={search_term_string}\"},\"query-input\":{\"@type\":\"PropertyValueSpecification\",\"valueRequired\":true,\"valueName\":\"search_term_string\"}}],\"inLanguage\":\"fr-FR\"}]}<\/script>\n<!-- \/ Yoast SEO plugin. -->","yoast_head_json":{"title":"Mentions l\u00e9gales et protection des donn\u00e9es - Mainfilm","robots":{"index":"index","follow":"follow","max-snippet":"max-snippet:-1","max-image-preview":"max-image-preview:large","max-video-preview":"max-video-preview:-1"},"canonical":"https:\/\/www.mainfilm.tv\/fr\/mentions-legales-et-protection-des-donnees\/","og_locale":"fr_FR","og_type":"article","og_title":"Mentions l\u00e9gales et protection des donn\u00e9es - Mainfilm","og_description":"[vc_row type=\u00a0\u00bbfull_width_background\u00a0\u00bb full_screen_row_position=\u00a0\u00bbmiddle\u00a0\u00bb column_margin=\u00a0\u00bbdefault\u00a0\u00bb column_direction=\u00a0\u00bbdefault\u00a0\u00bb column_direction_tablet=\u00a0\u00bbdefault\u00a0\u00bb column_direction_phone=\u00a0\u00bbdefault\u00a0\u00bb bg_color=\u00a0\u00bb#ffffff\u00a0\u00bb scene_position=\u00a0\u00bbcenter\u00a0\u00bb top_padding=\u00a0\u00bb100px\u00a0\u00bb text_color=\u00a0\u00bbdark\u00a0\u00bb text_align=\u00a0\u00bbleft\u00a0\u00bb row_border_radius=\u00a0\u00bbnone\u00a0\u00bb row_border_radius_applies=\u00a0\u00bbbg\u00a0\u00bb overflow=\u00a0\u00bbvisible\u00a0\u00bb overlay_strength=\u00a0\u00bb0.3&Prime; gradient_direction=\u00a0\u00bbleft_to_right\u00a0\u00bb shape_divider_position=\u00a0\u00bbbottom\u00a0\u00bb bg_image_animation=\u00a0\u00bbnone\u00a0\u00bb gradient_type=\u00a0\u00bbdefault\u00a0\u00bb shape_type=\u00a0\u00bb\u00a0\u00bb][vc_column column_padding=\u00a0\u00bbno-extra-padding\u00a0\u00bb column_padding_tablet=\u00a0\u00bbinherit\u00a0\u00bb column_padding_phone=\u00a0\u00bbinherit\u00a0\u00bb column_padding_position=\u00a0\u00bball\u00a0\u00bb column_element_direction_desktop=\u00a0\u00bbdefault\u00a0\u00bb column_element_spacing=\u00a0\u00bbdefault\u00a0\u00bb desktop_text_alignment=\u00a0\u00bbdefault\u00a0\u00bb tablet_text_alignment=\u00a0\u00bbdefault\u00a0\u00bb phone_text_alignment=\u00a0\u00bbdefault\u00a0\u00bb...","og_url":"https:\/\/www.mainfilm.tv\/fr\/mentions-legales-et-protection-des-donnees\/","og_site_name":"Mainfilm","article_modified_time":"2025-08-02T15:27:54+00:00","twitter_card":"summary_large_image","twitter_misc":{"Dur\u00e9e de lecture estim\u00e9e":"47 minutes"},"schema":{"@context":"https:\/\/schema.org","@graph":[{"@type":"WebPage","@id":"https:\/\/www.mainfilm.tv\/fr\/mentions-legales-et-protection-des-donnees\/","url":"https:\/\/www.mainfilm.tv\/fr\/mentions-legales-et-protection-des-donnees\/","name":"Mentions l\u00e9gales et protection des donn\u00e9es - Mainfilm","isPartOf":{"@id":"https:\/\/www.mainfilm.tv\/#website"},"datePublished":"2024-01-15T15:41:22+00:00","dateModified":"2025-08-02T15:27:54+00:00","breadcrumb":{"@id":"https:\/\/www.mainfilm.tv\/fr\/mentions-legales-et-protection-des-donnees\/#breadcrumb"},"inLanguage":"fr-FR","potentialAction":[{"@type":"ReadAction","target":["https:\/\/www.mainfilm.tv\/fr\/mentions-legales-et-protection-des-donnees\/"]}]},{"@type":"BreadcrumbList","@id":"https:\/\/www.mainfilm.tv\/fr\/mentions-legales-et-protection-des-donnees\/#breadcrumb","itemListElement":[{"@type":"ListItem","position":1,"name":"Startseite","item":"https:\/\/www.mainfilm.tv\/"},{"@type":"ListItem","position":2,"name":"Mentions l\u00e9gales et protection des donn\u00e9es"}]},{"@type":"WebSite","@id":"https:\/\/www.mainfilm.tv\/#website","url":"https:\/\/www.mainfilm.tv\/","name":"Mainfilm","description":"","potentialAction":[{"@type":"SearchAction","target":{"@type":"EntryPoint","urlTemplate":"https:\/\/www.mainfilm.tv\/?s={search_term_string}"},"query-input":{"@type":"PropertyValueSpecification","valueRequired":true,"valueName":"search_term_string"}}],"inLanguage":"fr-FR"}]}},"_links":{"self":[{"href":"https:\/\/www.mainfilm.tv\/fr\/wp-json\/wp\/v2\/pages\/95617","targetHints":{"allow":["GET"]}}],"collection":[{"href":"https:\/\/www.mainfilm.tv\/fr\/wp-json\/wp\/v2\/pages"}],"about":[{"href":"https:\/\/www.mainfilm.tv\/fr\/wp-json\/wp\/v2\/types\/page"}],"author":[{"embeddable":true,"href":"https:\/\/www.mainfilm.tv\/fr\/wp-json\/wp\/v2\/users\/1"}],"replies":[{"embeddable":true,"href":"https:\/\/www.mainfilm.tv\/fr\/wp-json\/wp\/v2\/comments?post=95617"}],"version-history":[{"count":0,"href":"https:\/\/www.mainfilm.tv\/fr\/wp-json\/wp\/v2\/pages\/95617\/revisions"}],"wp:attachment":[{"href":"https:\/\/www.mainfilm.tv\/fr\/wp-json\/wp\/v2\/media?parent=95617"}],"curies":[{"name":"wp","href":"https:\/\/api.w.org\/{rel}","templated":true}]}}